{"id":462,"date":"2019-01-15T04:27:19","date_gmt":"2019-01-15T04:27:19","guid":{"rendered":"http:\/\/localhost\/panel\/xpeedstudio\/wp\/automobil\/?page_id=462"},"modified":"2025-08-14T15:24:27","modified_gmt":"2025-08-14T15:24:27","slug":"testimonial","status":"publish","type":"page","link":"https:\/\/www.snoticias.co.mz\/?page_id=462","title":{"rendered":"Jornal Domingo"},"content":{"rendered":"\t\t<div data-elementor-type=\"wp-post\" data-elementor-id=\"462\" class=\"elementor elementor-462\" data-elementor-settings=\"[]\">\n\t\t\t\t\t\t<div class=\"elementor-inner\">\n\t\t\t\t\t\t\t<div class=\"elementor-section-wrap\">\n\t\t\t\t\t\t\t<section class=\"elementor-section elementor-top-section elementor-element elementor-element-e50415e elementor-section-boxed elementor-section-height-default elementor-section-height-default\" data-id=\"e50415e\" data-element_type=\"section\" data-settings=\"{&quot;background_background&quot;:&quot;classic&quot;}\">\n\t\t\t\t\t\t<div class=\"elementor-container elementor-column-gap-default\">\n\t\t\t\t\t\t\t<div class=\"elementor-row\">\n\t\t\t\t\t<div class=\"elementor-column elementor-col-100 elementor-top-column elementor-element elementor-element-2d72587\" data-id=\"2d72587\" data-element_type=\"column\">\n\t\t\t<div class=\"elementor-column-wrap elementor-element-populated\">\n\t\t\t\t\t\t\t<div class=\"elementor-widget-wrap\">\n\t\t\t\t\t\t<div class=\"elementor-element elementor-element-d49195a elementor-widget elementor-widget-image\" data-id=\"d49195a\" data-element_type=\"widget\" data-widget_type=\"image.default\">\n\t\t\t\t<div class=\"elementor-widget-container\">\n\t\t\t\t\t\t\t\t<div class=\"elementor-image\">\n\t\t\t\t\t\t\t\t\t\t\t\t\t<a href=\"https:\/\/www.jornaldomingo.co.mz\" target=\"_blank\">\n\t\t\t\t\t\t\t<img loading=\"lazy\" decoding=\"async\" width=\"350\" height=\"220\" src=\"https:\/\/www.snoticias.co.mz\/wp-content\/uploads\/2019\/01\/Domingo.jpg\" class=\"attachment-large size-large\" alt=\"\" srcset=\"https:\/\/www.snoticias.co.mz\/wp-content\/uploads\/2019\/01\/Domingo.jpg 350w, https:\/\/www.snoticias.co.mz\/wp-content\/uploads\/2019\/01\/Domingo-300x189.jpg 300w\" sizes=\"(max-width: 350px) 100vw, 350px\" \/>\t\t\t\t\t\t\t\t<\/a>\n\t\t\t\t\t\t\t\t\t\t\t\t\t\t<\/div>\n\t\t\t\t\t\t<\/div>\n\t\t\t\t<\/div>\n\t\t\t\t<div class=\"elementor-element elementor-element-48978e8 elementor-widget elementor-widget-heading\" data-id=\"48978e8\" data-element_type=\"widget\" data-widget_type=\"heading.default\">\n\t\t\t\t<div class=\"elementor-widget-container\">\n\t\t\t<h2 class=\"elementor-heading-title elementor-size-default\"><a href=\"https:\/\/www.jornaldomingo.co.mz\" target=\"_blank\">Jornal Domingo<\/a><\/h2>\t\t<\/div>\n\t\t\t\t<\/div>\n\t\t\t\t\t\t<\/div>\n\t\t\t\t\t<\/div>\n\t\t<\/div>\n\t\t\t\t\t\t\t\t<\/div>\n\t\t\t\t\t<\/div>\n\t\t<\/section>\n\t\t\t\t<section class=\"elementor-section elementor-top-section elementor-element elementor-element-fd8a214 elementor-section-boxed elementor-section-height-default elementor-section-height-default\" data-id=\"fd8a214\" data-element_type=\"section\" data-settings=\"{&quot;background_background&quot;:&quot;classic&quot;}\">\n\t\t\t\t\t\t<div class=\"elementor-container elementor-column-gap-default\">\n\t\t\t\t\t\t\t<div class=\"elementor-row\">\n\t\t\t\t\t<div class=\"elementor-column elementor-col-100 elementor-top-column elementor-element elementor-element-86fae6c\" data-id=\"86fae6c\" data-element_type=\"column\">\n\t\t\t<div class=\"elementor-column-wrap elementor-element-populated\">\n\t\t\t\t\t\t\t<div class=\"elementor-widget-wrap\">\n\t\t\t\t\t\t<div class=\"elementor-element elementor-element-319a3e4 elementor-widget elementor-widget-text-editor\" data-id=\"319a3e4\" data-element_type=\"widget\" data-widget_type=\"text-editor.default\">\n\t\t\t\t<div class=\"elementor-widget-container\">\n\t\t\t\t\t\t\t\t<div class=\"elementor-text-editor elementor-clearfix\">\n\t\t\t\t<p>Celebr\u00e1mos ontem, 25 de Setembro de 2021, o 40.\u00ba anivers\u00e1rio da cria\u00e7\u00e3o do jornal domingo, um dos produtos emblem\u00e1ticos da Sociedade do Not\u00edcias, que veio suprir a aus\u00eancia de uma publica\u00e7\u00e3o dominical de cariz iminentemente cultural e recreativo.<\/p><p>N\u00e3o obstante a sua tem\u00e1tica essencialmente cultural, o jornal domingo foi evoluindo, ano ap\u00f3s ano, tornando-se nesta publica\u00e7\u00e3o generalista que opta pelo rigor e compromisso com os factos, esculpindo os seus leitores para o exerc\u00edcio de uma cidadania consciente.<\/p><p>O jornal domingo \u00e9 parte da hist\u00f3ria recente do pa\u00eds, tendo registado momentos da nossa mem\u00f3ria colectiva em todas as \u00e1reas, desde os pol\u00edticos, culturais, desportivos, entre tantos outros, criando uma identidade pr\u00f3pria que ganhou um espa\u00e7o privilegiado de leitores fi\u00e9is.<\/p><p>Cada not\u00edcia trazida por este jornal \u00e9 um peda\u00e7o da nossa hist\u00f3ria que ganhou forma monumental ao longo destes 40 anos da sua exist\u00eancia.<\/p><p>A isen\u00e7\u00e3o e o alto sentido de profissionalismo com que reporta os acontecimentos \u00e9 o rasgo caracter\u00edstico do jornal domingo que, por isso, granjeou a simpatia dos mo\u00e7ambicanos.<\/p><p>Neste momento de migra\u00e7\u00e3o digital, o domingo n\u00e3o ficou alheio, e criou condi\u00e7\u00f5es para a sua globaliza\u00e7\u00e3o, assumindo as Tecnologias de Informa\u00e7\u00e3o e Comunica\u00e7\u00e3o como principal ferramenta para produzir conte\u00fados diversos, com o intuito de levar a informa\u00e7\u00e3o a um p\u00fablico mais vasto, estando, por isso, presente \u201conline\u201d a partir de qualquer canto do mundo.<\/p><p>Hoje estamos na edi\u00e7\u00e3o 2040 deste jornal, e este n\u00famero emblem\u00e1tico vem recordar-nos que por detr\u00e1s de todas estas edi\u00e7\u00f5es est\u00e3o profissionais briosos, comprometidos com a qualidade, para que um jornal cada vez melhor chegue aos leitores.<\/p><p>N\u00e3o olvidemos que estes 40 anos do jornal domingo s\u00e3o assinalados num momento particularmente delicado, devido \u00e0 pandemia da covid-19, raz\u00e3o pela qual os profissionais deste seman\u00e1rio s\u00e3o chamados a redobrar esfor\u00e7os na busca das melhores formas de fazer chegar aos mo\u00e7ambicanos as mensagens sobre a preven\u00e7\u00e3o desta doen\u00e7a.<\/p>\t\t\t\t\t<\/div>\n\t\t\t\t\t\t<\/div>\n\t\t\t\t<\/div>\n\t\t\t\t\t\t<\/div>\n\t\t\t\t\t<\/div>\n\t\t<\/div>\n\t\t\t\t\t\t\t\t<\/div>\n\t\t\t\t\t<\/div>\n\t\t<\/section>\n\t\t\t\t<section class=\"elementor-section elementor-top-section elementor-element elementor-element-831d35f elementor-section-boxed elementor-section-height-default elementor-section-height-default\" data-id=\"831d35f\" data-element_type=\"section\">\n\t\t\t\t\t\t<div class=\"elementor-container elementor-column-gap-default\">\n\t\t\t\t\t\t\t<div class=\"elementor-row\">\n\t\t\t\t\t<div class=\"elementor-column elementor-col-100 elementor-top-column elementor-element elementor-element-1287a65\" data-id=\"1287a65\" data-element_type=\"column\">\n\t\t\t<div class=\"elementor-column-wrap elementor-element-populated\">\n\t\t\t\t\t\t\t<div class=\"elementor-widget-wrap\">\n\t\t\t\t\t\t<div class=\"elementor-element elementor-element-2848117 elementor-widget elementor-widget-heading\" data-id=\"2848117\" data-element_type=\"widget\" data-widget_type=\"heading.default\">\n\t\t\t\t<div class=\"elementor-widget-container\">\n\t\t\t<h4 class=\"elementor-heading-title elementor-size-default\">Ficha T\u00e9cnica<\/h4>\t\t<\/div>\n\t\t\t\t<\/div>\n\t\t\t\t\t\t<\/div>\n\t\t\t\t\t<\/div>\n\t\t<\/div>\n\t\t\t\t\t\t\t\t<\/div>\n\t\t\t\t\t<\/div>\n\t\t<\/section>\n\t\t\t\t<section class=\"elementor-section elementor-top-section elementor-element elementor-element-69538bd elementor-section-boxed elementor-section-height-default elementor-section-height-default\" data-id=\"69538bd\" data-element_type=\"section\">\n\t\t\t\t\t\t<div class=\"elementor-container elementor-column-gap-default\">\n\t\t\t\t\t\t\t<div class=\"elementor-row\">\n\t\t\t\t\t<div class=\"elementor-column elementor-col-100 elementor-top-column elementor-element elementor-element-b920e97\" data-id=\"b920e97\" data-element_type=\"column\">\n\t\t\t<div class=\"elementor-column-wrap elementor-element-populated\">\n\t\t\t\t\t\t\t<div class=\"elementor-widget-wrap\">\n\t\t\t\t\t\t<div class=\"elementor-element elementor-element-5a8035a elementor-widget elementor-widget-heading\" data-id=\"5a8035a\" data-element_type=\"widget\" data-widget_type=\"heading.default\">\n\t\t\t\t<div class=\"elementor-widget-container\">\n\t\t\t<h4 class=\"elementor-heading-title elementor-size-default\">Almiro Santos (Director Editorial)<\/h4>\t\t<\/div>\n\t\t\t\t<\/div>\n\t\t\t\t\t\t<\/div>\n\t\t\t\t\t<\/div>\n\t\t<\/div>\n\t\t\t\t\t\t\t\t<\/div>\n\t\t\t\t\t<\/div>\n\t\t<\/section>\n\t\t\t\t<section class=\"elementor-section elementor-top-section elementor-element elementor-element-f022946 elementor-section-boxed elementor-section-height-default elementor-section-height-default\" data-id=\"f022946\" data-element_type=\"section\">\n\t\t\t\t\t\t<div class=\"elementor-container elementor-column-gap-default\">\n\t\t\t\t\t\t\t<div class=\"elementor-row\">\n\t\t\t\t\t<div class=\"elementor-column elementor-col-33 elementor-top-column elementor-element elementor-element-8103de8\" data-id=\"8103de8\" data-element_type=\"column\">\n\t\t\t<div class=\"elementor-column-wrap elementor-element-populated\">\n\t\t\t\t\t\t\t<div class=\"elementor-widget-wrap\">\n\t\t\t\t\t\t<div class=\"elementor-element elementor-element-621ee8f elementor-widget elementor-widget-text-editor\" data-id=\"621ee8f\" data-element_type=\"widget\" data-widget_type=\"text-editor.default\">\n\t\t\t\t<div class=\"elementor-widget-container\">\n\t\t\t\t\t\t\t\t<div class=\"elementor-text-editor elementor-clearfix\">\n\t\t\t\t<ul><li><strong>Chefe da Redac\u00e7\u00e3o<\/strong>: Cust\u00f3dio Mugabe<\/li><li><strong>Subchefes da Redac\u00e7\u00e3o<\/strong>: Carol Banze<\/li><li><strong>Economia<\/strong>: Angelina Mahumane, Idn\u00f3rcio Muchanga e Alfredo Armando<\/li><li><strong>Fotografia<\/strong>: In\u00e1cio Pereira(Chefe), Jer\u00f3nimo Muianga e Carlos Uqueio<\/li><\/ul>\t\t\t\t\t<\/div>\n\t\t\t\t\t\t<\/div>\n\t\t\t\t<\/div>\n\t\t\t\t\t\t<\/div>\n\t\t\t\t\t<\/div>\n\t\t<\/div>\n\t\t\t\t<div class=\"elementor-column elementor-col-33 elementor-top-column elementor-element elementor-element-9f7bc6a\" data-id=\"9f7bc6a\" data-element_type=\"column\">\n\t\t\t<div class=\"elementor-column-wrap elementor-element-populated\">\n\t\t\t\t\t\t\t<div class=\"elementor-widget-wrap\">\n\t\t\t\t\t\t<div class=\"elementor-element elementor-element-cb36a20 elementor-widget elementor-widget-text-editor\" data-id=\"cb36a20\" data-element_type=\"widget\" data-widget_type=\"text-editor.default\">\n\t\t\t\t<div class=\"elementor-widget-container\">\n\t\t\t\t\t\t\t\t<div class=\"elementor-text-editor elementor-clearfix\">\n\t\t\t\t<ul><li><strong>Pol\u00edtica<\/strong>: Domingos Nha\u00fale (Editor) e Maria de Lurdes Cossa<\/li><li><strong>Nacional:<\/strong>\u00a0Bento Ven\u00e2ncio (Editor), Benjamim Wilson, Lu\u00edsa Jorge, Abibo Selemane e Herc\u00edlia Marrengule<\/li><\/ul>\t\t\t\t\t<\/div>\n\t\t\t\t\t\t<\/div>\n\t\t\t\t<\/div>\n\t\t\t\t\t\t<\/div>\n\t\t\t\t\t<\/div>\n\t\t<\/div>\n\t\t\t\t<div class=\"elementor-column elementor-col-33 elementor-top-column elementor-element elementor-element-5abd85d\" data-id=\"5abd85d\" data-element_type=\"column\">\n\t\t\t<div class=\"elementor-column-wrap elementor-element-populated\">\n\t\t\t\t\t\t\t<div class=\"elementor-widget-wrap\">\n\t\t\t\t\t\t<div class=\"elementor-element elementor-element-97ced60 elementor-widget elementor-widget-text-editor\" data-id=\"97ced60\" data-element_type=\"widget\" data-widget_type=\"text-editor.default\">\n\t\t\t\t<div class=\"elementor-widget-container\">\n\t\t\t\t\t\t\t\t<div class=\"elementor-text-editor elementor-clearfix\">\n\t\t\t\t<ul><li><strong>Revis\u00e3o Lingu\u00edstica<\/strong>: Anu\u00e1rio<\/li><li><strong>Artes e Letras: <\/strong>Neyma de Jesus<\/li><li><strong>Colaboradores<\/strong>: Manuel General (njingiritante), Ant\u00f3nio Fernandes(Cinespectadora)<\/li><li><strong>Jornal Online<\/strong>: Idn\u00f3rcio Muchanga<\/li><\/ul>\t\t\t\t\t<\/div>\n\t\t\t\t\t\t<\/div>\n\t\t\t\t<\/div>\n\t\t\t\t\t\t<\/div>\n\t\t\t\t\t<\/div>\n\t\t<\/div>\n\t\t\t\t\t\t\t\t<\/div>\n\t\t\t\t\t<\/div>\n\t\t<\/section>\n\t\t\t\t<section class=\"elementor-section elementor-top-section elementor-element elementor-element-9432716 elementor-section-boxed elementor-section-height-default elementor-section-height-default\" data-id=\"9432716\" data-element_type=\"section\">\n\t\t\t\t\t\t<div class=\"elementor-container elementor-column-gap-default\">\n\t\t\t\t\t\t\t<div class=\"elementor-row\">\n\t\t\t\t\t<div class=\"elementor-column elementor-col-100 elementor-top-column elementor-element elementor-element-fe6342b\" data-id=\"fe6342b\" data-element_type=\"column\">\n\t\t\t<div class=\"elementor-column-wrap elementor-element-populated\">\n\t\t\t\t\t\t\t<div class=\"elementor-widget-wrap\">\n\t\t\t\t\t\t<div class=\"elementor-element elementor-element-9bfda98 elementor-widget elementor-widget-autrics-process\" data-id=\"9bfda98\" data-element_type=\"widget\" data-widget_type=\"autrics-process.default\">\n\t\t\t\t<div class=\"elementor-widget-container\">\n\t\t\t      \t\n         \n        <div class=\"row working-box-wrapper\">\n            <div class=\"col-md-4\">\n               <div class=\"working-single-box child_1\">\n\t\t\t\t   <span class=\"working-left-shape\"><\/span>\n                  <div class=\"working-content-wrapper\">\n                     <span class=\"workig-icon\">\n                        <i class=\"icon icon-home\"><\/i>\n                     <\/span>\n                     <div class=\"working-content\">\n                                                <h3>Rua Joe Slovo<\/h3>\n                        <p>55 \u2022 C.Postal 327<\/p>\n                     <\/div> <!-- Working Content -->\n\t\t\t\t  <\/div> <!-- Working wrapper -->\n\t\t\t\t  <span class=\"working-right-shape\"><\/span>\n               <\/div> <!-- Working single box -->\n            <\/div><!-- Col End -->\n            <div class=\"col-md-4\">\n               <div class=\"working-single-box child_2 bg-red\">\n               <span class=\"working-left-shape\"><\/span>\n                  <div class=\"working-content-wrapper\">\n\t\t\t\t         <span class=\"workig-icon\">\n                        <i class=\"icon icon-phone-handset\"><\/i>\n                     <\/span>\n                     <div class=\"working-content\">\n                                             <h3>+258 843 400 623<\/h3>\n                        <p>Liga-nos<\/p>\n                     <\/div> <!-- Working Content -->\n                  <\/div> <!-- Working wrapper -->\n                  <span class=\"working-right-shape\"><\/span>\n               <\/div> <!-- Working single box -->\n            <\/div><!-- Col End -->\n            <div class=\"col-md-4\">\n               <div class=\"working-single-box child_3 bg-red-light\">\n                  <div class=\"working-content-wrapper\">\n\t\t\t\t  <span class=\"workig-icon\">\n                        <i class=\"fa fa-send\"><\/i>\n                     <\/span>\n                     <div class=\"working-content\">\n                                             <h3>atendimento@snoticias.co.mz<\/h3>\n                        <p>Como podemos ajudar?<\/p>\n                     <\/div> <!-- Working Content -->\n                  <\/div> <!-- Working wrapper -->\n                  <span class=\"working-right-shape\"><\/span>\n               <\/div> <!-- Working single box -->\n            <\/div><!-- Col End -->\n        <\/div> <!-- Row End -->\n\t\t\t          \n     \t\t<\/div>\n\t\t\t\t<\/div>\n\t\t\t\t\t\t<\/div>\n\t\t\t\t\t<\/div>\n\t\t<\/div>\n\t\t\t\t\t\t\t\t<\/div>\n\t\t\t\t\t<\/div>\n\t\t<\/section>\n\t\t\t\t\t\t<\/div>\n\t\t\t\t\t\t<\/div>\n\t\t\t\t\t<\/div>\n\t\t","protected":false},"excerpt":{"rendered":"<p>Jornal Domingo Celebr\u00e1mos ontem, 25 de Setembro de 2021, o 40.\u00ba anivers\u00e1rio da cria\u00e7\u00e3o do jornal domingo, um dos produtos emblem\u00e1ticos da Sociedade do Not\u00edcias, que veio suprir a aus\u00eancia de uma publica\u00e7\u00e3o dominical de cariz iminentemente cultural e recreativo. N\u00e3o obstante a sua tem\u00e1tica essencialmente cultural, o jornal domingo foi evoluindo, ano ap\u00f3s ano, [&hellip;]<\/p>\n","protected":false},"author":1,"featured_media":0,"parent":0,"menu_order":0,"comment_status":"closed","ping_status":"closed","template":"template\/full-width-template.php","meta":{"footnotes":""},"class_list":["post-462","page","type-page","status-publish","hentry"],"_links":{"self":[{"href":"https:\/\/www.snoticias.co.mz\/index.php?rest_route=\/wp\/v2\/pages\/462"}],"collection":[{"href":"https:\/\/www.snoticias.co.mz\/index.php?rest_route=\/wp\/v2\/pages"}],"about":[{"href":"https:\/\/www.snoticias.co.mz\/index.php?rest_route=\/wp\/v2\/types\/page"}],"author":[{"embeddable":true,"href":"https:\/\/www.snoticias.co.mz\/index.php?rest_route=\/wp\/v2\/users\/1"}],"replies":[{"embeddable":true,"href":"https:\/\/www.snoticias.co.mz\/index.php?rest_route=%2Fwp%2Fv2%2Fcomments&post=462"}],"version-history":[{"count":47,"href":"https:\/\/www.snoticias.co.mz\/index.php?rest_route=\/wp\/v2\/pages\/462\/revisions"}],"predecessor-version":[{"id":3579,"href":"https:\/\/www.snoticias.co.mz\/index.php?rest_route=\/wp\/v2\/pages\/462\/revisions\/3579"}],"wp:attachment":[{"href":"https:\/\/www.snoticias.co.mz\/index.php?rest_route=%2Fwp%2Fv2%2Fmedia&parent=462"}],"curies":[{"name":"wp","href":"https:\/\/api.w.org\/{rel}","templated":true}]}}